{"id":543,"date":"2013-09-15T18:39:06","date_gmt":"2013-09-15T16:39:06","guid":{"rendered":"http:\/\/www.timehealsnothing.de\/blog\/?page_id=543"},"modified":"2013-09-15T18:53:03","modified_gmt":"2013-09-15T16:53:03","slug":"tag-7-la-vallee-de-la-restonica","status":"publish","type":"page","link":"http:\/\/www.timehealsnothing.de\/blog\/korsika-2013\/tag-7-la-vallee-de-la-restonica\/","title":{"rendered":"Tag 7 la vall\u00e9e de la restonica"},"content":{"rendered":"<p>22.05.2013<br \/>\nStage 6 Val de Restonica<br \/>\nso 60 km und um die 2,5 Stunden<br \/>\n<iframe src=\"https:\/\/www.google.de\/maps?f=d&amp;source=s_d&amp;saddr=N193&amp;daddr=D623&amp;hl=de&amp;geocode=FTfOhAIdYu-LAA%3BFTODhAIdtfaJAA&amp;sll=42.238105,9.042252&amp;sspn=0.006577,0.009892&amp;t=h&amp;mra=me&amp;mrsp=1,0&amp;sz=17&amp;ie=UTF8&amp;ll=42.274514,9.107666&amp;spn=0.088912,0.145912&amp;z=12&amp;output=embed\" height=\"350\" width=\"425\" frameborder=\"0\" marginwidth=\"0\" marginheight=\"0\" scrolling=\"no\"><\/iframe><br \/>\n<small><a style=\"color: #0000ff; text-align: left;\" href=\"https:\/\/www.google.de\/maps?f=d&amp;source=embed&amp;saddr=N193&amp;daddr=D623&amp;hl=de&amp;geocode=FTfOhAIdYu-LAA%3BFTODhAIdtfaJAA&amp;sll=42.238105,9.042252&amp;sspn=0.006577,0.009892&amp;t=h&amp;mra=me&amp;mrsp=1,0&amp;sz=17&amp;ie=UTF8&amp;ll=42.274514,9.107666&amp;spn=0.088912,0.145912&amp;z=12\">Gr\u00f6\u00dfere Kartenansicht<\/a><\/small><\/p>\n<p>Heute ist wieder ein Hundstag, aber Gottseidank hab ich ja Urlaub. Man soll nicht glauben wie schnell einem jeder Knochen im Leib weh tun kann (um es mit Matthias von der <a href=\"http:\/\/de.wikipedia.org\/wiki\/Das_Leben_des_Brian\" target=\"_blank\">VVJ<\/a> zu sagen: &#8222;Meine Beine sind grau, meine Ohren sind leer, meine Augen sind alt und gebeugt&#8230;&#8220;).             \n\t\t<div class=\"ngg-gallery-singlepic-image ngg-left\" style=\"max-width: 180px\">\n\t\t\t    \t<a href=\"http:\/\/www.timehealsnothing.de\/blog\/wp-content\/gallery\/korsika-2013\/20130521_115436.jpg\"\n\t\t     title=\"\"\n             data-src=\"http:\/\/www.timehealsnothing.de\/blog\/wp-content\/gallery\/korsika-2013\/20130521_115436.jpg\"\n             data-thumbnail=\"http:\/\/www.timehealsnothing.de\/blog\/wp-content\/gallery\/korsika-2013\/thumbs\/thumbs_20130521_115436.jpg\"\n             data-image-id=\"111\"\n             data-title=\"20130521_115436\"\n             data-description=\"\"\n             target='_self'\n             class=\"ngg-fancybox\" rel=\"d99a1ee30d345ba3ef9b65d24c645c82\">\n            <img class=\"ngg-singlepic\"\n             src=\"http:\/\/www.timehealsnothing.de\/blog\/wp-content\/gallery\/korsika-2013\/cache\/20130521_115436.jpg-nggid03111-ngg0dyn-320x240x100-00f0w010c010r110f110r010t010.jpg\"\n             alt=\"20130521_115436\"\n             title=\"20130521_115436\"\n              width=\"180\"               \/>\n    \t<\/a>\n\t\t      <\/div>\n        Der Himmel war etwas bew\u00f6lkt, ab und zu etwas Sonne, es hat also nicht durchgehend gepisst. Ok also Vorgabe f\u00fcr heute, kurzer Abstecher in das Valle de Restonica. Weil das ist n\u00e4mlich gerade so um die Ecke, f\u00e4ngt genau in Corte an, geht so 15 km Berg hoch und schafft dabei ne ganze menge H\u00f6henmeter. F\u00fcr ne kurze, schnelle Nummer sollte das ausreichen. In der tollen Sendung von ARTE war ja zu sehen wie sch\u00f6n dieses Restonicatal ist, steht ja au\u00dferdem auch in jedem Reisef\u00fchrer den man gelesen haben muss oder auch nicht.<\/p>\n<p>Kurz gesagt, es ist nichts was einen den ganzen Tag besch\u00e4ftigt, aber es ist ein sch\u00f6ner Stich, einer Sackgasse durch ein Tal auf den Berg hoch. Die Strasse f\u00fchrt meist recht nah an der Bergflanke hoch und wird immer am Fluss entlang gef\u00fchrt. Bis auf zwei oder drei Teilst\u00fccke am Anfang, die wirklich etwas schlechter waren und die einem fast den Spa\u00df vermiest h\u00e4tten, ist der Rest gut asphaltiert und perfekt zu fahren (Offizielles Wording dazu: &#8222;<em>Bergrennen ist eine Disziplin innerhalb des Motorsports. Sie werden im Gegensatz zu Rundstreckenrennen grunds\u00e4tzlich nur als Einzelzeitfahren auf einer bergauf verlaufenden Strecke durchgef\u00fchrt. Die Ziellinie muss h\u00f6her liegen als der Start; einzelne Abschnitte d\u00fcrfen auch flach oder abfallend sein<\/em>&#8222;).            \n\t\t<div class=\"ngg-gallery-singlepic-image ngg-right\" style=\"max-width: 180px\">\n\t\t\t    \t<a href=\"http:\/\/www.timehealsnothing.de\/blog\/wp-content\/gallery\/korsika-2013\/20130521_110428.jpg\"\n\t\t     title=\"\"\n             data-src=\"http:\/\/www.timehealsnothing.de\/blog\/wp-content\/gallery\/korsika-2013\/20130521_110428.jpg\"\n             data-thumbnail=\"http:\/\/www.timehealsnothing.de\/blog\/wp-content\/gallery\/korsika-2013\/thumbs\/thumbs_20130521_110428.jpg\"\n             data-image-id=\"104\"\n             data-title=\"20130521_110428\"\n             data-description=\"\"\n             target='_self'\n             class=\"ngg-fancybox\" rel=\"ceebbf6d5b07a69b0b129023fcdcb6bc\">\n            <img class=\"ngg-singlepic\"\n             src=\"http:\/\/www.timehealsnothing.de\/blog\/wp-content\/gallery\/korsika-2013\/cache\/20130521_110428.jpg-nggid03104-ngg0dyn-320x240x100-00f0w010c010r110f110r010t010.jpg\"\n             alt=\"20130521_110428\"\n             title=\"20130521_110428\"\n              width=\"180\"               \/>\n    \t<\/a>\n\t\t      <\/div>\n        Das ganze wird als Single Track Road gef\u00fchrt und l\u00e4sst sich auf jedenfall fl\u00fcssig fahren. Ich will mir gar nicht vorstellen was passiert wenn hier Ferienzeit ist und die ganzen Wohnwagen\/ Wohnmobilfront hier das Rennen hoch und runter bestreitet&#8230; Der franz\u00f6sische Ehrgeiz, wenigstens ein kleines M\u00e4uerchen oder den ein oder anderen Markierungsstein hinzustellen, dass man sich wenigstens visuell etwas sicher und geleitet f\u00fchlt, greift hier nicht so auf dem Weg zum Gipfel. Die Stra\u00dfe wird ab und an und vor allem bei Br\u00fccken sehr eng, und die sind dann auch kurze Wachmacher. Br\u00fccke ohne Gel\u00e4nder zu fahren f\u00fchlt man sich viel freier irgendwie&#8230; OK, die Br\u00fccken sind jetzt nicht so der Br\u00fcller, da doch etwas kleiner und nicht so hoch und der Fluss auch nur ein Bach. Der einzige Br\u00fcller an dieser Kombi Stra\u00dfe\/ Br\u00fcckchen\/ Fluss ist tats\u00e4chlich der Bach der da runter rauscht. Da hat jemand Kieselsteine den Berg runtergeschmissen. Nur dass die Kieselsteine im Format von 3 oder 4m im Durchmesser sind. <a href=\"https:\/\/i2.wp.com\/www.timehealsnothing.de\/blog\/wp-content\/uploads\/hdr_00077_0.jpg\"><img data-attachment-id=\"605\" data-permalink=\"http:\/\/www.timehealsnothing.de\/blog\/korsika-2013\/tag-7-la-vallee-de-la-restonica\/hdr_00077_0\/\" data-orig-file=\"https:\/\/i2.wp.com\/www.timehealsnothing.de\/blog\/wp-content\/uploads\/hdr_00077_0-e1379260910652.jpg?fit=800%2C1067\" data-orig-size=\"800,1067\" data-comments-opened=\"1\" data-image-meta=\"{&quot;aperture&quot;:&quot;0&quot;,&quot;credit&quot;:&quot;&quot;,&quot;camera&quot;:&quot;GT-I9300&quot;,&quot;caption&quot;:&quot;&quot;,&quot;created_timestamp&quot;:&quot;0&quot;,&quot;copyright&quot;:&quot;&quot;,&quot;focal_length&quot;:&quot;3.7&quot;,&quot;iso&quot;:&quot;0&quot;,&quot;shutter_speed&quot;:&quot;0&quot;,&quot;title&quot;:&quot;&quot;}\" data-image-title=\"hdr_00077_0\" data-image-description=\"\" data-medium-file=\"https:\/\/i2.wp.com\/www.timehealsnothing.de\/blog\/wp-content\/uploads\/hdr_00077_0-e1379260910652.jpg?fit=224%2C300\" data-large-file=\"https:\/\/i2.wp.com\/www.timehealsnothing.de\/blog\/wp-content\/uploads\/hdr_00077_0-e1379260910652.jpg?fit=640%2C854\" loading=\"lazy\" class=\"alignleft size-medium wp-image-605\" alt=\"hdr_00077_0\" src=\"https:\/\/i2.wp.com\/www.timehealsnothing.de\/blog\/wp-content\/uploads\/hdr_00077_0.jpg?resize=224%2C300\" width=\"224\" height=\"300\" data-recalc-dims=\"1\" \/><\/a>Sollte man sich zur Schneeschmelze mal anschauen was da so passiert in dem B\u00e4chlein. Je h\u00f6her man kommt umso attraktiver, abwechslungsreicher und sch\u00f6ner wird auch die Stra\u00dfe gef\u00fchrt. Der Wald wird immer dichter, die Felsen die zwischen den B\u00e4umen durchschimmern sehen auch immer besser aus, der Fluss wird immer kleiner. Und am Ende der Stra\u00dfe, wo es eigentlich noch prima weitergehen k\u00f6nnte, steht ein \u00e4lterer, franz\u00f6sischer Herr mit einer kleinen Kasse am Bauch, und verlangt doch tats\u00e4chlich zwei Euro um am ihm vorbei zu fahren und dort irgendwo zu parken, nur damit man irgendwelchen Leuten dabei zusehen kann wie die mit dicken, unbequemen Schuhen Stunden und Kilometer lang durch die Berge latschen. Also umgedreht und das Restonica Tal von oben wieder in Angriff genommen.<\/p>\n<p>Ach ja und da war da ja noch was&#8230; Ein interessanter Anblick war das franz\u00f6sische Polizeiauto, was recht schlecht in einer Kurve und ziemlich nah am Abgrund geparkt hat.             \n\t\t<div class=\"ngg-gallery-singlepic-image ngg-right\" style=\"max-width: 180px\">\n\t\t\t    \t<a href=\"http:\/\/www.timehealsnothing.de\/blog\/wp-content\/gallery\/korsika-2013\/20130521_111200.jpg\"\n\t\t     title=\"\"\n             data-src=\"http:\/\/www.timehealsnothing.de\/blog\/wp-content\/gallery\/korsika-2013\/20130521_111200.jpg\"\n             data-thumbnail=\"http:\/\/www.timehealsnothing.de\/blog\/wp-content\/gallery\/korsika-2013\/thumbs\/thumbs_20130521_111200.jpg\"\n             data-image-id=\"107\"\n             data-title=\"20130521_111200\"\n             data-description=\"\"\n             target='_self'\n             class=\"ngg-fancybox\" rel=\"d6fb84dd3e360040edb70b7d36eada00\">\n            <img class=\"ngg-singlepic\"\n             src=\"http:\/\/www.timehealsnothing.de\/blog\/wp-content\/gallery\/korsika-2013\/cache\/20130521_111200.jpg-nggid03107-ngg0dyn-320x240x100-00f0w010c010r110f110r010t010.jpg\"\n             alt=\"20130521_111200\"\n             title=\"20130521_111200\"\n              width=\"180\"               \/>\n    \t<\/a>\n\t\t      <\/div>\n         Und ich dachte mir schon: Toll, Kontrolle im Nichts, am Arsch der Welt. Aber weitestgehend gefehlt. Die zwei Herren der franz\u00f6sischen Rennleitung hingen an Seilen in der Felswand rum und h\u00e4mmerten sich einen Fels oder denjenigen aus dem Fels. Also so sind mir die Kollegen doch recht sympathisch. Schlie\u00dflich muss der Racetrack ja von Steinen und Verunreinigungen sauber gehalten werden. Toll, dass das in Frankreich die Polizei macht, danke daf\u00fcr. Lange am Fluss rumsitzen macht leider nicht so viel Spa\u00df, weil es dann doch schon recht laut ist und au\u00dfer das Wasser schnell und laut von oben nach unten flie\u00dft, passiert nicht wirklich irgendwas. Es war f\u00fcr die kurze Strecke eine wirklich nette Fahrt, flott, adrinalinf\u00f6rdernd und bischen was zu kucken, so Landschaftlich, gab es gratis dazu. Alles in allem 2,5h Spass uff de Gass. Und selbst den hier nur &#8222;kurz&#8220; anliegenden Spassfaktor, kann man bei uns f\u00fcr so ne Zwischendurchstrecke lange suchen. So ist f\u00fcr den restlichen Tag das Motto: <em>Essentrinkenfaulenzen<\/em>.<\/p>\n<p><a href=\"https:\/\/i1.wp.com\/www.timehealsnothing.de\/blog\/wp-content\/uploads\/20130521_133013.jpg\"><img data-attachment-id=\"616\" data-permalink=\"http:\/\/www.timehealsnothing.de\/blog\/korsika-2013\/tag-7-la-vallee-de-la-restonica\/20130521_133013\/\" data-orig-file=\"https:\/\/i1.wp.com\/www.timehealsnothing.de\/blog\/wp-content\/uploads\/20130521_133013.jpg?fit=3264%2C2448\" data-orig-size=\"3264,2448\" data-comments-opened=\"1\" data-image-meta=\"{&quot;aperture&quot;:&quot;2.6&quot;,&quot;credit&quot;:&quot;&quot;,&quot;camera&quot;:&quot;GT-I9300&quot;,&quot;caption&quot;:&quot;&quot;,&quot;created_timestamp&quot;:&quot;1369143013&quot;,&quot;copyright&quot;:&quot;&quot;,&quot;focal_length&quot;:&quot;3.7&quot;,&quot;iso&quot;:&quot;80&quot;,&quot;shutter_speed&quot;:&quot;0.00127877237852&quot;,&quot;title&quot;:&quot;&quot;}\" data-image-title=\"20130521_133013\" data-image-description=\"\" data-medium-file=\"https:\/\/i1.wp.com\/www.timehealsnothing.de\/blog\/wp-content\/uploads\/20130521_133013.jpg?fit=300%2C225\" data-large-file=\"https:\/\/i1.wp.com\/www.timehealsnothing.de\/blog\/wp-content\/uploads\/20130521_133013.jpg?fit=640%2C480\" loading=\"lazy\" class=\"alignnone size-thumbnail wp-image-616\" alt=\"20130521_133013\" src=\"https:\/\/i1.wp.com\/www.timehealsnothing.de\/blog\/wp-content\/uploads\/20130521_133013.jpg?resize=150%2C112\" width=\"150\" height=\"112\" srcset=\"https:\/\/i1.wp.com\/www.timehealsnothing.de\/blog\/wp-content\/uploads\/20130521_133013.jpg?resize=150%2C112 150w, https:\/\/i1.wp.com\/www.timehealsnothing.de\/blog\/wp-content\/uploads\/20130521_133013.jpg?resize=300%2C225 300w, https:\/\/i1.wp.com\/www.timehealsnothing.de\/blog\/wp-content\/uploads\/20130521_133013.jpg?resize=1024%2C768 1024w, https:\/\/i1.wp.com\/www.timehealsnothing.de\/blog\/wp-content\/uploads\/20130521_133013.jpg?w=1280 1280w, https:\/\/i1.wp.com\/www.timehealsnothing.de\/blog\/wp-content\/uploads\/20130521_133013.jpg?w=1920 1920w\" sizes=\"(max-width: 150px) 100vw, 150px\" data-recalc-dims=\"1\" \/><\/a><a href=\"https:\/\/i0.wp.com\/www.timehealsnothing.de\/blog\/wp-content\/uploads\/20130521_134521.jpg\"><img data-attachment-id=\"617\" data-permalink=\"http:\/\/www.timehealsnothing.de\/blog\/korsika-2013\/tag-7-la-vallee-de-la-restonica\/20130521_134521\/\" data-orig-file=\"https:\/\/i0.wp.com\/www.timehealsnothing.de\/blog\/wp-content\/uploads\/20130521_134521.jpg?fit=2448%2C3264\" data-orig-size=\"2448,3264\" data-comments-opened=\"1\" data-image-meta=\"{&quot;aperture&quot;:&quot;2.6&quot;,&quot;credit&quot;:&quot;&quot;,&quot;camera&quot;:&quot;GT-I9300&quot;,&quot;caption&quot;:&quot;&quot;,&quot;created_timestamp&quot;:&quot;1369143920&quot;,&quot;copyright&quot;:&quot;&quot;,&quot;focal_length&quot;:&quot;3.7&quot;,&quot;iso&quot;:&quot;80&quot;,&quot;shutter_speed&quot;:&quot;0.0024154589372&quot;,&quot;title&quot;:&quot;&quot;}\" data-image-title=\"Korsischer S\u00fcsskram und Rotwein zum Dessert\" data-image-description=\"&lt;p&gt;Korsischer S\u00fcsskram und Rotwein zum Dessert&lt;\/p&gt;\n\" data-medium-file=\"https:\/\/i0.wp.com\/www.timehealsnothing.de\/blog\/wp-content\/uploads\/20130521_134521.jpg?fit=225%2C300\" data-large-file=\"https:\/\/i0.wp.com\/www.timehealsnothing.de\/blog\/wp-content\/uploads\/20130521_134521.jpg?fit=640%2C853\" loading=\"lazy\" class=\"alignnone size-thumbnail wp-image-617\" alt=\"20130521_134521\" src=\"https:\/\/i0.wp.com\/www.timehealsnothing.de\/blog\/wp-content\/uploads\/20130521_134521.jpg?resize=112%2C150\" width=\"112\" height=\"150\" srcset=\"https:\/\/i0.wp.com\/www.timehealsnothing.de\/blog\/wp-content\/uploads\/20130521_134521.jpg?resize=112%2C150 112w, https:\/\/i0.wp.com\/www.timehealsnothing.de\/blog\/wp-content\/uploads\/20130521_134521.jpg?resize=225%2C300 225w, https:\/\/i0.wp.com\/www.timehealsnothing.de\/blog\/wp-content\/uploads\/20130521_134521.jpg?resize=768%2C1024 768w, https:\/\/i0.wp.com\/www.timehealsnothing.de\/blog\/wp-content\/uploads\/20130521_134521.jpg?w=1280 1280w, https:\/\/i0.wp.com\/www.timehealsnothing.de\/blog\/wp-content\/uploads\/20130521_134521.jpg?w=1920 1920w\" sizes=\"(max-width: 112px) 100vw, 112px\" data-recalc-dims=\"1\" \/><\/a><\/p>\n<p>Also sich im \u00f6rtlichen Supermarkt in Corte mit einem ausreichend grossen, gebratenen Hahn, corsisches Bier und Rotwein (Cabarett Saufdingdong gab es leider nur als Import) sowie ein lecker S\u00fcssdingens zum Nachtisch eingedeckt und guten Gewissens den Tag ad Acta gelegt.<br \/>\nProst!<\/p>\n<p>weiter mit Tag &#8211; kommt dann noch<\/p>\n<div class=\"sharedaddy sd-sharing-enabled\"><div class=\"robots-nocontent sd-block sd-social sd-social-icon-text sd-sharing\"><h3 class=\"sd-title\">Teilen mit:<\/h3><div class=\"sd-content\"><ul><li class=\"share-facebook\"><a rel=\"nofollow noopener noreferrer\" data-shared=\"sharing-facebook-543\" class=\"share-facebook sd-button share-icon\" href=\"http:\/\/www.timehealsnothing.de\/blog\/korsika-2013\/tag-7-la-vallee-de-la-restonica\/?share=facebook\" target=\"_blank\" title=\"Klick, um auf Facebook zu teilen\"><span>Facebook<\/span><\/a><\/li><li class=\"share-twitter\"><a rel=\"nofollow noopener noreferrer\" data-shared=\"sharing-twitter-543\" class=\"share-twitter sd-button share-icon\" href=\"http:\/\/www.timehealsnothing.de\/blog\/korsika-2013\/tag-7-la-vallee-de-la-restonica\/?share=twitter\" target=\"_blank\" title=\"Klick, um \u00fcber Twitter zu teilen\"><span>Twitter<\/span><\/a><\/li><li><a href=\"#\" class=\"sharing-anchor sd-button share-more\"><span>Mehr<\/span><\/a><\/li><li class=\"share-end\"><\/li><\/ul><div class=\"sharing-hidden\"><div class=\"inner\" style=\"display: none;\"><ul><li class=\"share-print\"><a rel=\"nofollow noopener noreferrer\" data-shared=\"\" class=\"share-print sd-button share-icon\" href=\"http:\/\/www.timehealsnothing.de\/blog\/korsika-2013\/tag-7-la-vallee-de-la-restonica\/\" target=\"_blank\" title=\"Klicken zum Ausdrucken\"><span>Drucken<\/span><\/a><\/li><li class=\"share-pinterest\"><a rel=\"nofollow noopener noreferrer\" data-shared=\"sharing-pinterest-543\" class=\"share-pinterest sd-button share-icon\" href=\"http:\/\/www.timehealsnothing.de\/blog\/korsika-2013\/tag-7-la-vallee-de-la-restonica\/?share=pinterest\" target=\"_blank\" title=\"Klick, um auf Pinterest zu teilen\"><span>Pinterest<\/span><\/a><\/li><li class=\"share-end\"><\/li><li class=\"share-end\"><\/li><\/ul><\/div><\/div><\/div><\/div><\/div>","protected":false},"excerpt":{"rendered":"<p>22.05.2013 Stage 6 Val de Restonica so 60 km und um die 2,5 Stunden Gr\u00f6\u00dfere Kartenansicht Heute ist wieder ein Hundstag, aber Gottseidank hab ich ja Urlaub. Man soll nicht glauben wie schnell einem jeder Knochen im Leib weh tun &hellip; <a href=\"http:\/\/www.timehealsnothing.de\/blog\/korsika-2013\/tag-7-la-vallee-de-la-restonica\/\">Weiterlesen <span class=\"meta-nav\">&rarr;<\/span><\/a><\/p>\n<div class=\"sharedaddy sd-sharing-enabled\"><div class=\"robots-nocontent sd-block sd-social sd-social-icon-text sd-sharing\"><h3 class=\"sd-title\">Teilen mit:<\/h3><div class=\"sd-content\"><ul><li class=\"share-facebook\"><a rel=\"nofollow noopener noreferrer\" data-shared=\"sharing-facebook-543\" class=\"share-facebook sd-button share-icon\" href=\"http:\/\/www.timehealsnothing.de\/blog\/korsika-2013\/tag-7-la-vallee-de-la-restonica\/?share=facebook\" target=\"_blank\" title=\"Klick, um auf Facebook zu teilen\"><span>Facebook<\/span><\/a><\/li><li class=\"share-twitter\"><a rel=\"nofollow noopener noreferrer\" data-shared=\"sharing-twitter-543\" class=\"share-twitter sd-button share-icon\" href=\"http:\/\/www.timehealsnothing.de\/blog\/korsika-2013\/tag-7-la-vallee-de-la-restonica\/?share=twitter\" target=\"_blank\" title=\"Klick, um \u00fcber Twitter zu teilen\"><span>Twitter<\/span><\/a><\/li><li><a href=\"#\" class=\"sharing-anchor sd-button share-more\"><span>Mehr<\/span><\/a><\/li><li class=\"share-end\"><\/li><\/ul><div class=\"sharing-hidden\"><div class=\"inner\" style=\"display: none;\"><ul><li class=\"share-print\"><a rel=\"nofollow noopener noreferrer\" data-shared=\"\" class=\"share-print sd-button share-icon\" href=\"http:\/\/www.timehealsnothing.de\/blog\/korsika-2013\/tag-7-la-vallee-de-la-restonica\/\" target=\"_blank\" title=\"Klicken zum Ausdrucken\"><span>Drucken<\/span><\/a><\/li><li class=\"share-pinterest\"><a rel=\"nofollow noopener noreferrer\" data-shared=\"sharing-pinterest-543\" class=\"share-pinterest sd-button share-icon\" href=\"http:\/\/www.timehealsnothing.de\/blog\/korsika-2013\/tag-7-la-vallee-de-la-restonica\/?share=pinterest\" target=\"_blank\" title=\"Klick, um auf Pinterest zu teilen\"><span>Pinterest<\/span><\/a><\/li><li class=\"share-end\"><\/li><li class=\"share-end\"><\/li><\/ul><\/div><\/div><\/div><\/div><\/div>","protected":false},"author":1,"featured_media":474,"parent":225,"menu_order":7,"comment_status":"open","ping_status":"closed","template":"onecolumn-page.php","meta":{"ngg_post_thumbnail":0,"spay_email":""},"jetpack_shortlink":"https:\/\/wp.me\/P1CXhb-8L","jetpack_sharing_enabled":true,"jetpack_likes_enabled":true,"_links":{"self":[{"href":"http:\/\/www.timehealsnothing.de\/blog\/wp-json\/wp\/v2\/pages\/543"}],"collection":[{"href":"http:\/\/www.timehealsnothing.de\/blog\/wp-json\/wp\/v2\/pages"}],"about":[{"href":"http:\/\/www.timehealsnothing.de\/blog\/wp-json\/wp\/v2\/types\/page"}],"author":[{"embeddable":true,"href":"http:\/\/www.timehealsnothing.de\/blog\/wp-json\/wp\/v2\/users\/1"}],"replies":[{"embeddable":true,"href":"http:\/\/www.timehealsnothing.de\/blog\/wp-json\/wp\/v2\/comments?post=543"}],"version-history":[{"count":27,"href":"http:\/\/www.timehealsnothing.de\/blog\/wp-json\/wp\/v2\/pages\/543\/revisions"}],"predecessor-version":[{"id":627,"href":"http:\/\/www.timehealsnothing.de\/blog\/wp-json\/wp\/v2\/pages\/543\/revisions\/627"}],"up":[{"embeddable":true,"href":"http:\/\/www.timehealsnothing.de\/blog\/wp-json\/wp\/v2\/pages\/225"}],"wp:featuredmedia":[{"embeddable":true,"href":"http:\/\/www.timehealsnothing.de\/blog\/wp-json\/wp\/v2\/media\/474"}],"wp:attachment":[{"href":"http:\/\/www.timehealsnothing.de\/blog\/wp-json\/wp\/v2\/media?parent=543"}],"curies":[{"name":"wp","href":"https:\/\/api.w.org\/{rel}","templated":true}]}}