{"id":421,"date":"2013-09-14T17:14:41","date_gmt":"2013-09-14T15:14:41","guid":{"rendered":"http:\/\/www.timehealsnothing.de\/blog\/?page_id=421"},"modified":"2013-09-15T18:40:02","modified_gmt":"2013-09-15T16:40:02","slug":"tag-6-steilkueste-calvi","status":"publish","type":"page","link":"http:\/\/www.timehealsnothing.de\/blog\/korsika-2013\/tag-6-steilkueste-calvi\/","title":{"rendered":"Tag 6 Steilk\u00fcste Calvi"},"content":{"rendered":"<p>20.05.2013<br \/>\n<strong>Stage 5 Calvi nach Porto<\/strong><br \/>\nZwischenstopp Friedhof in der Kirchenruine, dann 5* Tour Steilk\u00fcste und h\u00f6chster Pass Col de Vergio<br \/>\n281 km, 6 Stunden 14 Minuten (Echte Fahrzeit: gut \u00fcber 8h)<\/p>\n<p><iframe src=\"https:\/\/maps.google.de\/maps?saddr=N193&amp;daddr=D47+to:42.529776,9.0257073+to:Av.+de+l'Uruguay+to:42.495949,8.683681+to:Bud%C3%A9%2FD81+to:42.3447902,9.1447847+to:N193&amp;hl=de&amp;ie=UTF8&amp;sll=42.350171,9.112644&amp;sspn=0.103141,0.191746&amp;geocode=FQLHhAIdOOqLAA%3BFQdziAIdyhqLAA%3BFfDziAIdq7iJAClFPQoGbcjQEjFlxeIGAM32VA%3BFV6IiQId3aSFAA%3BFc1viAIdoYCEACkV4Gsx9ZLQEjEkKxyxeqd5ng%3BFQrwhAIdENSEAA%3BFVYhhgId0ImLAClX3J82frLQEjFprSTLOm3OYg%3BFe29hAIdCu2LAA&amp;t=h&amp;mra=dpe&amp;mrsp=6&amp;sz=13&amp;via=2,4,6&amp;source=embed&amp;ll=42.413318,8.896179&amp;spn=0.354864,0.583649&amp;z=10&amp;output=embed\" height=\"350\" width=\"425\" frameborder=\"0\" marginwidth=\"0\" marginheight=\"0\" scrolling=\"no\"><\/iframe><br \/>\n<small><a style=\"color: #0000ff; text-align: left;\" href=\"https:\/\/maps.google.de\/maps?saddr=N193&amp;daddr=D47+to:42.529776,9.0257073+to:Av.+de+l'Uruguay+to:42.495949,8.683681+to:Bud%C3%A9%2FD81+to:42.3447902,9.1447847+to:N193&amp;hl=de&amp;ie=UTF8&amp;sll=42.350171,9.112644&amp;sspn=0.103141,0.191746&amp;geocode=FQLHhAIdOOqLAA%3BFQdziAIdyhqLAA%3BFfDziAIdq7iJAClFPQoGbcjQEjFlxeIGAM32VA%3BFV6IiQId3aSFAA%3BFc1viAIdoYCEACkV4Gsx9ZLQEjEkKxyxeqd5ng%3BFQrwhAIdENSEAA%3BFVYhhgId0ImLAClX3J82frLQEjFprSTLOm3OYg%3BFe29hAIdCu2LAA&amp;t=h&amp;mra=dpe&amp;mrsp=6&amp;sz=13&amp;via=2,4,6&amp;source=embed&amp;ll=42.413318,8.896179&amp;spn=0.354864,0.583649&amp;z=10\">Gr\u00f6\u00dfere Kartenansicht<\/a><\/small><\/p>\n<p>Es ist Montag (komisch wie frustfrei so Montage doch manchmal sein k\u00f6nnen&#8230;), heute geht es nach Calvi und dort die Steilk\u00fcste entlang nach Porto. Die Anreise ist wieder mal nicht so prickelnd, da die Anspr\u00fcche doch erheblich gestiegen sind seit der Ankunft auf Korsika.             \n\t\t<div class=\"ngg-gallery-singlepic-image ngg-right\" style=\"max-width: 320px\">\n\t\t\t    \t<a href=\"http:\/\/www.timehealsnothing.de\/blog\/wp-content\/gallery\/korsika-2013\/hdr_00067_0.jpg\"\n\t\t     title=\"Wer ist Locationscout f\u00fcr Zombiefilme?\"\n             data-src=\"http:\/\/www.timehealsnothing.de\/blog\/wp-content\/gallery\/korsika-2013\/hdr_00067_0.jpg\"\n             data-thumbnail=\"http:\/\/www.timehealsnothing.de\/blog\/wp-content\/gallery\/korsika-2013\/thumbs\/thumbs_hdr_00067_0.jpg\"\n             data-image-id=\"199\"\n             data-title=\"Gr\u00e4ber in der Kirche\"\n             data-description=\"Wer ist Locationscout f\u00fcr Zombiefilme?\"\n             target='_self'\n             class=\"ngg-fancybox\" rel=\"d5a30a2c3e531969819ba0a224f7c229\">\n            <img class=\"ngg-singlepic\"\n             src=\"http:\/\/www.timehealsnothing.de\/blog\/wp-content\/gallery\/korsika-2013\/cache\/hdr_00067_0.jpg-nggid03199-ngg0dyn-320x240x100-00f0w010c010r110f110r010t010.jpg\"\n             alt=\"Gr\u00e4ber in der Kirche\"\n             title=\"Gr\u00e4ber in der Kirche\"\n              width=\"320\"               \/>\n    \t<\/a>\n\t\t      <\/div>\n        Ein kleines touristischen Highlight liegt aber dann doch noch auf der Strecke. In der Google Map als Punkt B markiert. Als Atheist und im Ansatz philosophischer Agnostiker bedeuten mir Kirchen jetzt nicht sooo viel, die hier hat mich aber doch recht begeistert, und sollte ich im stillen Gedenken an <a href=\"http:\/\/de.wikipedia.org\/wiki\/George_A._Romero\" target=\"_blank\">Herr Romero<\/a> oder <a href=\"http:\/\/de.wikipedia.org\/wiki\/Dario_Argento\" target=\"_blank\">Herrn Argento<\/a>\u00a0 mal einen Zombiefilm drehen&#8230; dann w\u00fcrde das Intro ganz sicher hier beginnen.<\/p>\n<p>Das Teilst\u00fcck nach der Kirche, oberhalb von Moltifao, runter Richtung Calvi kann man mit bestem Gewissen als sehr attraktiv und sch\u00f6n zu fahren bezeichnen. Es gibt eine Menge zu sehen, \u00fcberwiegend recht l\u00e4ndliche&#8230; D\u00f6rfer (K\u00e4ffer darf ich nicht mehr so inflation\u00e4r gebrauchen), in denen nicht wirklich das urbanes Leben kocht. Versucht nicht die Routes Nationales zu fahren, traut euch einfach mal abzubiegen. Die Anfahrt an der K\u00fcste nach Calvi ist schon eine feine Sache. Die Zitadelle, feist und protzig, ist schon von weitem gut zu sehen, gro\u00dfer Hafen, Segelschiffe mit dem einen oder anderen Mast mehr, bischen Jet Set, Prunk und Bonzentum, aber auch die Festung inklusive Kaserne mit der freundlichen, franz\u00f6sischen Fremdenlegion. Ich pers\u00f6nlich bin ja jetzt nicht so der Freund von Milit\u00e4r in St\u00e4dten oder Denkm\u00e4lern oder so grunds\u00e4tzlich ausserhalb von Schlachtfeldern. So zitiere ich mal Moses Pelham vom R\u00f6delheim Hartreim Projekt: <em>&#8222;Wer den Krieg will, der soll ihn haben.&#8220;<\/em><\/p>\n<p>Dann die Fahrt von Calvi an der K\u00fcste entlang. Das ist ein St\u00fcck K\u00fcstenstra\u00dfe was man gesehen haben muss. Nunja es ist halt eine Steilk\u00fcstenstrassen wie man sie so kennt, ist ja nicht die einzige der Welt, hier auf Korsika.            \n\t\t<div class=\"ngg-gallery-singlepic-image ngg-left\" style=\"max-width: 320px\">\n\t\t\t    \t<a href=\"http:\/\/www.timehealsnothing.de\/blog\/wp-content\/gallery\/korsika-2013\/20130520_131325.jpg\"\n\t\t     title=\"Steilk\u00fcste Richtung Porto\"\n             data-src=\"http:\/\/www.timehealsnothing.de\/blog\/wp-content\/gallery\/korsika-2013\/20130520_131325.jpg\"\n             data-thumbnail=\"http:\/\/www.timehealsnothing.de\/blog\/wp-content\/gallery\/korsika-2013\/thumbs\/thumbs_20130520_131325.jpg\"\n             data-image-id=\"88\"\n             data-title=\"20130520_131325\"\n             data-description=\"Steilk\u00fcste Richtung Porto\"\n             target='_self'\n             class=\"ngg-fancybox\" rel=\"65652a443617da9e7c5425c875f115fd\">\n            <img class=\"ngg-singlepic\"\n             src=\"http:\/\/www.timehealsnothing.de\/blog\/wp-content\/gallery\/korsika-2013\/cache\/20130520_131325.jpg-nggid0288-ngg0dyn-320x240x100-00f0w010c010r110f110r010t010.jpg\"\n             alt=\"20130520_131325\"\n             title=\"20130520_131325\"\n              width=\"320\"               \/>\n    \t<\/a>\n\t\t      <\/div>\n         Es gibt ja noch ein paar andere K\u00fcstenstra\u00dfen, die meisten sind dann aber leider auch ein St\u00fcckchen weiter weg. Zum Beispiel in S\u00fcdfrankreich, Kroatien, Spanien etc. und dann die, die so richtig weit weg sind. Also die Dinger in den Anden und so Sp\u00e4ssle. Sauber in den Fels gehauen, schmal, gewunden, organischer Strassenbau. Typische, warum mache ich einen Mittelstreifen auf die Strasse, wenn eh nur 1 Auto drauf passt? Versteh ich inzwischen, siehe Tag 3 &#8222;meine eingehenden Studien dazu&#8220;. Merci nochmal an die franz\u00f6sischen Strassenbauer. Die Strecke ist einfach unglaublich, von Calvi an wei\u00df man nicht was man machen soll, stehen bleiben, Fotos machen, Schrittgeschwindigkeit mit 40 Sachen, kucken wie es neben dem Moped und hinter der ca. 40 cm hohen Mauer so 200 m runter in die Tiefe geht&#8230; oder einfach einen sch\u00f6nen Schnitt fahren und die Strecke dann 2 oder 3 mal fahren um die Eindr\u00fccke aufzunehmen und zu verarbeiten.             \n\t\t<div class=\"ngg-gallery-singlepic-image ngg-right\" style=\"max-width: 320px\">\n\t\t\t    \t<a href=\"http:\/\/www.timehealsnothing.de\/blog\/wp-content\/gallery\/korsika-2013\/20130520_131426.jpg\"\n\t\t     title=\"ja das k\u00f6nnte eng werden wenn man etwas zu schnell ist...\"\n             data-src=\"http:\/\/www.timehealsnothing.de\/blog\/wp-content\/gallery\/korsika-2013\/20130520_131426.jpg\"\n             data-thumbnail=\"http:\/\/www.timehealsnothing.de\/blog\/wp-content\/gallery\/korsika-2013\/thumbs\/thumbs_20130520_131426.jpg\"\n             data-image-id=\"89\"\n             data-title=\"20130520_131426\"\n             data-description=\"ja das k\u00f6nnte eng werden wenn man etwas zu schnell ist...\"\n             target='_self'\n             class=\"ngg-fancybox\" rel=\"7f6f7526c590e226f084d01efd036e83\">\n            <img class=\"ngg-singlepic\"\n             src=\"http:\/\/www.timehealsnothing.de\/blog\/wp-content\/gallery\/korsika-2013\/cache\/20130520_131426.jpg-nggid0289-ngg0dyn-320x240x100-00f0w010c010r110f110r010t010.jpg\"\n             alt=\"20130520_131426\"\n             title=\"20130520_131426\"\n              width=\"320\"               \/>\n    \t<\/a>\n\t\t      <\/div>\n         Eitelsonnenschein oder wie meine Oma immer sagte: &#8222;Motorradfahrerporno&#8220;. Wenn da nicht im Mittelteil, genau dort wo die Strecke nicht so ganz <em>German Autobahn<\/em> ist, ich einen leichten Abfall in meiner Wohlf\u00fchlquote feststellen musste. Das war dann die Strecke, wo selbst ich Mitleid habe mit Leuten die mit ner Harley mit Starrahmen oder anderem Chopperged\u00f6ns die Strecke fahren oder wo ich mir durchaus vorstellen k\u00f6nnte mal ne Multistrada oder (wenn ich noch 10 Jahre \u00e4lter w\u00e4re) ne KTM Adventure oder \u00e4hnliches Seniorenger\u00e4t zu fahren. Das war dann hart und man denk irgendwann doch &#8222;<em>Herr der Strassenbauer, Instandhaltungsinstanz von Frankreich<\/em>&#8220; lass die Drecksstrasse endlich vorbei sein und unter mir vor\u00fcberziehen, ich hab jetzt wirklich keinen Bock mehr, mir r\u00fcttelts das Nummernschild, meine Kronen im Mund oder die Blinker ab. Man kommt auch auf keinen Schnitt um die Kurven in der entsprechenden Geschwindigkeit zu fahren, es liegt in den Kurfenaussenseiten ne ganze Menge Schotter, Dreck, Splitt, Sand, ich mein ne ganze Menge Sand und ganz nebenbei noch die 4,835 Millionen Flickstellen im Asphalt, wo die Strasse eher nach ner kanadischen Patchworkdecke f\u00fcr den Winter aussieht.<\/p>\n<p>            \n\t\t<div class=\"ngg-gallery-singlepic-image ngg-left\" style=\"max-width: 320px\">\n\t\t\t    \t<a href=\"http:\/\/www.timehealsnothing.de\/blog\/wp-content\/gallery\/korsika-2013\/20130520_145718.jpg\"\n\t\t     title=\"Strasse, sabber\"\n             data-src=\"http:\/\/www.timehealsnothing.de\/blog\/wp-content\/gallery\/korsika-2013\/20130520_145718.jpg\"\n             data-thumbnail=\"http:\/\/www.timehealsnothing.de\/blog\/wp-content\/gallery\/korsika-2013\/thumbs\/thumbs_20130520_145718.jpg\"\n             data-image-id=\"95\"\n             data-title=\"Korsische Steilk\u00fcstenstrasse\"\n             data-description=\"Strasse, sabber\"\n             target='_self'\n             class=\"ngg-fancybox\" rel=\"c2611e2833aa0653c73fbc27b2eb01db\">\n            <img class=\"ngg-singlepic\"\n             src=\"http:\/\/www.timehealsnothing.de\/blog\/wp-content\/gallery\/korsika-2013\/cache\/20130520_145718.jpg-nggid0295-ngg0dyn-320x240x100-00f0w010c010r110f110r010t010.jpg\"\n             alt=\"Korsische Steilk\u00fcstenstrasse\"\n             title=\"Korsische Steilk\u00fcstenstrasse\"\n              width=\"320\"               \/>\n    \t<\/a>\n\t\t      <\/div>\n        Es hoppelt und ruckelt und <em>B\u00e4mm<\/em> dann wieder ne Aussicht wie aus dem Bilderbuch. Du f\u00e4hrst eine viertel Stunde nur leicht Berg hoch und bist dann oben und kuckst auf T\u00e4ler, Buchten und Str\u00e4nde, die sich visuell richtig gewaschen haben und f\u00e4hrst dann auch wieder ne viertel Stunde um riesen T\u00e4ler rum runter. Die lassen sich Zeit. Das ist nicht so, dass die dort mit Tornante und Spitzkehre versuchen ne Bergflanke im Sturmlauf hochzufahren. N\u00f6, die haben Zeit und Mu\u00dfe. Durch die T\u00e4ler, das k\u00f6nnen auch ruhig mal 2 oder 3 sein, schraubt man sich dann f\u00fcr 20 km hoch und 20 km wieder runter. Das ist schon recht willenlos gemacht und erfreut die Hand, die dem Einspritzer sagt was <strong>Gaaaaaaaaaaaaaas<\/strong> bedeutet. Die Strecke wird dann auch wirklich wieder besser, und macht erheblich viel Spass zu fahren. Auf Streckenabschnitte, wo es geht, ist ein wirklich guter Schnitt zu fahren (nee kein Yoghurtbecherschnitt, is ja nicht der Sachsenring). Dann gibt es auch wieder die in den Berg rein gefr\u00e4sten Stra\u00dfen, wo es dann rechts nur erheblich steil bergab geht.            \n\t\t<div class=\"ngg-gallery-singlepic-image ngg-center\" style=\"max-width: 179px\">\n\t\t\t    \t<a href=\"http:\/\/www.timehealsnothing.de\/blog\/wp-content\/gallery\/korsika-2013\/hdr_00072_0.jpg\"\n\t\t     title=\"sch\u00f6n, aber verdammt steil\"\n             data-src=\"http:\/\/www.timehealsnothing.de\/blog\/wp-content\/gallery\/korsika-2013\/hdr_00072_0.jpg\"\n             data-thumbnail=\"http:\/\/www.timehealsnothing.de\/blog\/wp-content\/gallery\/korsika-2013\/thumbs\/thumbs_hdr_00072_0.jpg\"\n             data-image-id=\"204\"\n             data-title=\"hdr_00072_0\"\n             data-description=\"sch\u00f6n, aber verdammt steil\"\n             target='_self'\n             class=\"ngg-fancybox\" rel=\"d35b7a75d3310914fc65b69b1de6d375\">\n            <img class=\"ngg-singlepic\"\n             src=\"http:\/\/www.timehealsnothing.de\/blog\/wp-content\/gallery\/korsika-2013\/cache\/hdr_00072_0.jpg-nggid03204-ngg0dyn-320x240x100-00f0w010c010r110f110r010t010.jpg\"\n             alt=\"hdr_00072_0\"\n             title=\"hdr_00072_0\"\n              width=\"179\"               \/>\n    \t<\/a>\n\t\t      <\/div>\n        <\/p>\n<p>Und hier meine Empfehlung. Wenn man um Korsika rum f\u00e4hrt, dann sollte man das ganze gegen den Uhrzeigersinn tun. Warum das, fr\u00e4gt man sich das jetzt wissenshungrig. &#8222;<em>Da stelle mehr uns janz dumm. Und da sage mer so<\/em>&#8222;:\u00a0 aussen sieht man besser was in den Kurven so kommt an tieffliegenden, korsischen Autos, italienische Streetfighter bis hin zu diversen S\u00e4uen und laufendem Rindersteak. Es liegt weniger Schutt und Dreck vom Berg, der \u00f6fter mal so runter kollert, auf der Aussenseite und irgendwie sind Au\u00dfenseiten besser im Zustand und Beschaffenheit als die Innenseite der Fahrbahn.<\/p>\n<p>Diese Strecke ist ohne Einschr\u00e4nkung empfehlenswert. Da hat Gott, Buddha, Wishnu oder Allah seinen Job als Strassenbauer gelernt und gut gemacht, als er selbst vor langer Zeit mit ner Ducati den Testparcours Korsika gefahren ist.\u00a0 Auf dieser Strecke gibt es ein par wirklich abgefahrene Gegenden und Str\u00e4nde.\u00a0<a href=\"https:\/\/i0.wp.com\/www.timehealsnothing.de\/blog\/wp-content\/uploads\/20130520_145540.jpg\"><img data-attachment-id=\"594\" data-permalink=\"http:\/\/www.timehealsnothing.de\/blog\/korsika-2013\/tag-6-steilkueste-calvi\/20130520_145540\/\" data-orig-file=\"https:\/\/i1.wp.com\/www.timehealsnothing.de\/blog\/wp-content\/uploads\/20130520_145540-e1379256559951.jpg?fit=800%2C600\" data-orig-size=\"800,600\" data-comments-opened=\"1\" data-image-meta=\"{&quot;aperture&quot;:&quot;2.6&quot;,&quot;credit&quot;:&quot;&quot;,&quot;camera&quot;:&quot;GT-I9300&quot;,&quot;caption&quot;:&quot;&quot;,&quot;created_timestamp&quot;:&quot;1369061739&quot;,&quot;copyright&quot;:&quot;&quot;,&quot;focal_length&quot;:&quot;3.7&quot;,&quot;iso&quot;:&quot;80&quot;,&quot;shutter_speed&quot;:&quot;0.000617283950617&quot;,&quot;title&quot;:&quot;&quot;}\" data-image-title=\"20130520_145540\" data-image-description=\"\" data-medium-file=\"https:\/\/i1.wp.com\/www.timehealsnothing.de\/blog\/wp-content\/uploads\/20130520_145540-e1379256559951.jpg?fit=300%2C225\" data-large-file=\"https:\/\/i1.wp.com\/www.timehealsnothing.de\/blog\/wp-content\/uploads\/20130520_145540-e1379256559951.jpg?fit=640%2C480\" loading=\"lazy\" class=\"alignleft size-medium wp-image-594\" alt=\"20130520_145540\" src=\"https:\/\/i0.wp.com\/www.timehealsnothing.de\/blog\/wp-content\/uploads\/20130520_145540.jpg?resize=300%2C225\" width=\"300\" height=\"225\" data-recalc-dims=\"1\" \/><\/a> Auf Porto zu f\u00e4hrt man ne ganze Zeit bergab, an in den Fels geklebte Str\u00e4\u00dfchen. Und die sind wieder perfekt, der Grip zum Profilerweichen. Porto quetscht sich f\u00f6rmlich in eine Bucht und die Kurven vermehren sich wie die Karnickel in der Sto\u00dfzeit (welch gelungen Wortspiel es micht d\u00fcnkt), und ich bekomme das debile Grinsen nicht mehr aus meinem Gesicht. Gut das ich ein Helm anhab, ich glaub wenn das jemand sehen w\u00fcrde, der w\u00fcrde sich Gedanken machen ob man solch einen sabbernden Kretin weiter auf der Strasse lassen darf. Es ist Kurve an Kurve an Kurve an Kurve. Die Kurven sind zum Teil recht eng und ziehen sich auch zu, aber selbst wenn ein Bus vor dir ist oder die beweglichen Schikanen, du kommst mit dem Moped \u00fcberall vorbei.             \n\t\t<div class=\"ngg-gallery-singlepic-image ngg-right\" style=\"max-width: 320px\">\n\t\t\t    \t<a href=\"http:\/\/www.timehealsnothing.de\/blog\/wp-content\/gallery\/korsika-2013\/hdr_00071_0.jpg\"\n\t\t     title=\"\"\n             data-src=\"http:\/\/www.timehealsnothing.de\/blog\/wp-content\/gallery\/korsika-2013\/hdr_00071_0.jpg\"\n             data-thumbnail=\"http:\/\/www.timehealsnothing.de\/blog\/wp-content\/gallery\/korsika-2013\/thumbs\/thumbs_hdr_00071_0.jpg\"\n             data-image-id=\"203\"\n             data-title=\"hdr_00071_0\"\n             data-description=\"\"\n             target='_self'\n             class=\"ngg-fancybox\" rel=\"f87be9402b2066b47549d15f6bc1d526\">\n            <img class=\"ngg-singlepic\"\n             src=\"http:\/\/www.timehealsnothing.de\/blog\/wp-content\/gallery\/korsika-2013\/cache\/hdr_00071_0.jpg-nggid03203-ngg0dyn-320x240x100-00f0w010c010r110f110r010t010.jpg\"\n             alt=\"hdr_00071_0\"\n             title=\"hdr_00071_0\"\n              width=\"320\"               \/>\n    \t<\/a>\n\t\t      <\/div>\n        Warum hab ich denn 140 PS? Es gibt wirklich viele Touries in Autos mit inl\u00e4ndischen Kennzeichen, diese erkennt man aber direkt an der etwas &#8222;verhaltenen&#8220; Fahrweise&#8230; Der Korse an sich \u00fcberholt dich direkt und immer und das auch \u00fcberall wo es geht oder nicht. Ob die Kurve einzusehen ist oder nicht, mit Renault Clio, Ford Fiesta, Peugeot Kastenwagen, die sind schon schmerzbefreit die Jungs. Herzlichen Gl\u00fcckwunsch Kollegen des kleinen Eilandes. Da waren \u00f6fter Situationen, die selbst ich als grenzwertig definiert habe. Aber egal, andere L\u00e4nder andere Sitten, Verlust gibt es auf jeder Rennstrecke.<\/p>\n<p>Zur\u00fcck \u00fcber den Col de Vergio. Es gab vorher auch ne menge Cols, aber da steht jetzt auch nicht immer so direkt ein nicht zerschossenes Schild, an dem steht: &#8222;<em>tach, du bist jetzt oben und da hinten gehts dann wieder runter und by the way, ich bin der Col de Trallala&#8220;<\/em>.            \n\t\t<div class=\"ngg-gallery-singlepic-image ngg-left\" style=\"max-width: 320px\">\n\t\t\t    \t<a href=\"http:\/\/www.timehealsnothing.de\/blog\/wp-content\/gallery\/korsika-2013\/20130520_160455.jpg\"\n\t\t     title=\"Col de Vergio\"\n             data-src=\"http:\/\/www.timehealsnothing.de\/blog\/wp-content\/gallery\/korsika-2013\/20130520_160455.jpg\"\n             data-thumbnail=\"http:\/\/www.timehealsnothing.de\/blog\/wp-content\/gallery\/korsika-2013\/thumbs\/thumbs_20130520_160455.jpg\"\n             data-image-id=\"101\"\n             data-title=\"Col de Vergio, Korsika\"\n             data-description=\"Col de Vergio\"\n             target='_self'\n             class=\"ngg-fancybox\" rel=\"db3c7e7b8075bbeb1d00a4a85de3cdba\">\n            <img class=\"ngg-singlepic\"\n             src=\"http:\/\/www.timehealsnothing.de\/blog\/wp-content\/gallery\/korsika-2013\/cache\/20130520_160455.jpg-nggid03101-ngg0dyn-320x240x100-00f0w010c010r110f110r010t010.jpg\"\n             alt=\"Col de Vergio, Korsika\"\n             title=\"Col de Vergio, Korsika\"\n              width=\"320\"               \/>\n    \t<\/a>\n\t\t      <\/div>\n        \u00a0 Is aber auch egal, die Cols selbst sind nicht wirklich spektakul\u00e4r. Der Vergio ist dahingehend spektakul\u00e4r, da die Anfahrt durch schroffeste Felsen, dolomitenlike gef\u00fchrt wird und du bist da eingezw\u00e4ngt in T\u00e4ler und Talr\u00fccken, f\u00e4hrst langsam und stetig bergan. Du f\u00e4hrst zwar im Gebirge wie sonstwo, nur dass du keinen kurzen Stich hast, sondern du hast echt Zeit, du kannst ne ganz Strecke fahren, es geht kilometerweit seicht bergan, dann wieder etwas steiler und somit ist die Anfahrt das Sch\u00f6nste an dem Col.\u00a0 Der heilige Sankt Strassenbauer hat sich echt ins Zeug gelegt. Es geht durch Kieferw\u00e4lder, grosse, hohe, gerade Kiefernst\u00e4mme, mal keine Kastanien zur Abwechslung, dann wieder Karstgebirge und dann wird es oben auch wirklich richtig kalt jetzt. Echt jetzt, Junge. Alder, Junge.<\/p>\n<p>Nur um es mal zu verdeutlichen, es sind an der K\u00fcste so 20 \u2013 25 Grad gewesen, die Sonne hat geschienen als g\u00e4be es kein morgen mehr und das Wasser sah auch schon fast so aus als k\u00f6nnte man da drinnen hinein hopsen tun. Also wo war ich\u2026 ach ja, es wurde auch wirklich recht schnell, recht k\u00fchl um nicht zu sagen es wurde scheisse kalt. Wie auch bei der letzten Fahrt war ich wirklich recht froh, das zwote paar (inzwischen trockene) Handschuhe dabei zu haben. Das ist der kleine Luxus wenn einer eine Reise tut. Trockene, warme Handschuhe zus\u00e4tzlich zu den kleinen d\u00fcnnen Racegriffeln. Die Abfahrt geht eine ganze Strecke lang und f\u00fchrt durch ein langgestrecktes, wirklich abgefahrenes Tal.<\/p>\n<div id=\"attachment_585\" style=\"width: 310px\" class=\"wp-caption alignleft\"><a href=\"https:\/\/i1.wp.com\/www.timehealsnothing.de\/blog\/wp-content\/uploads\/20130520_155923-e1379169084287.jpg\"><img aria-describedby=\"caption-attachment-585\" data-attachment-id=\"585\" data-permalink=\"http:\/\/www.timehealsnothing.de\/blog\/korsika-2013\/tag-6-steilkueste-calvi\/20130520_155923\/\" data-orig-file=\"https:\/\/i1.wp.com\/www.timehealsnothing.de\/blog\/wp-content\/uploads\/20130520_155923-e1379169084287.jpg?fit=800%2C600\" data-orig-size=\"800,600\" data-comments-opened=\"1\" data-image-meta=\"{&quot;aperture&quot;:&quot;2.6&quot;,&quot;credit&quot;:&quot;&quot;,&quot;camera&quot;:&quot;GT-I9300&quot;,&quot;caption&quot;:&quot;&quot;,&quot;created_timestamp&quot;:&quot;1369065562&quot;,&quot;copyright&quot;:&quot;&quot;,&quot;focal_length&quot;:&quot;3.7&quot;,&quot;iso&quot;:&quot;80&quot;,&quot;shutter_speed&quot;:&quot;0.00115740740741&quot;,&quot;title&quot;:&quot;&quot;}\" data-image-title=\"20130520_155923\" data-image-description=\"&lt;p&gt;Col de Vergio, mit Rindfleisch und Landschaft&lt;\/p&gt;\n\" data-medium-file=\"https:\/\/i1.wp.com\/www.timehealsnothing.de\/blog\/wp-content\/uploads\/20130520_155923-e1379169084287.jpg?fit=300%2C225\" data-large-file=\"https:\/\/i1.wp.com\/www.timehealsnothing.de\/blog\/wp-content\/uploads\/20130520_155923-e1379169084287.jpg?fit=640%2C480\" loading=\"lazy\" class=\"size-medium wp-image-585 \" alt=\"Col de Vergio\" src=\"https:\/\/i0.wp.com\/www.timehealsnothing.de\/blog\/wp-content\/uploads\/20130520_155923.jpg?resize=300%2C225\" width=\"300\" height=\"225\" data-recalc-dims=\"1\" \/><\/a><p id=\"caption-attachment-585\" class=\"wp-caption-text\">Col de Vergio, mit Rindfleisch und Landschaft<\/p><\/div>\n<p>Auch hier sind die Kurve richtig fl\u00fcssig und elegant, es swingt sich den Berg hinunter. Nuja, ich bin dann eher im Kurvenpogo hernieder gekommen. Und da macht es dann auch wieder richtig Spa\u00df etwas mehr Gas zu geben, wobei das eigentlich sauschade ist, da man dabei doch einiges verpasst was neben dieser Rennstrecke so alles geboten wird. Aber wie das so ist wenn einer das St\u00f6ckchen wirft, dann muss dieser kl\u00e4ffende Pinscher nat\u00fcrlich rennen und das St\u00f6ckchen holen. In diesem Falle war das St\u00f6ckchen wieder ein Autofahrer und davor waren dann leider, Gott sei Dank, drei oder vier vor mir. Und das geht gar nicht&#8230; Auto vor mir, NO WAY. Also offenes Rennen an den Dingern vorbei. (<em>Habe ich eigentlich schon mal erw\u00e4hnt, das die Pr\u00e4senz der Rennleitung im Landesinneren d\u00fcrftig bis nicht vorhanden ist?<\/em>).<\/p>\n<p>Grunds\u00e4tzlich lies sich diese Tagesetappe fl\u00fcssig fahren, sch\u00f6n dran, sch\u00f6n drum rum. Und wieder ein nicht zu toppendes Fahrerlebniss was so richtig Spa\u00df gemacht hat. Es war auch an einem Tag in der Zeitvorgabe zu schaffen, die Fahrt dann zwar ohne gro\u00dfe Pausen zu machen, ab und an mal ein Bild, ein oder zweimal verschnaufen um zu trinken und sich den &#8222;<em>Respekt vor der Strasse Schweiss&#8220;<\/em> abzuwischen. Alles in allem gut 8 Stunden unterwegs, die Anforderung also nicht untersch\u00e4tzen. Es ist wirklich grob wenn die Stra\u00dfen sehr schlecht sind und man nicht wirklich mit einer guten Geschwindigkeit vorw\u00e4rts kommt. Und selbst wenn die Stra\u00dfen gut sind, wirst du nicht schneller fahren k\u00f6nnen, weil du ab und an (und je nach Unangepasstheit der Fahrweise) schon etwas aufpassen solltest. Leitplanken gibt es eigentlich nicht wirklich und selbst M\u00e4uerchen sind auch nicht immer zu haben, d.h. ab und zu stehen mal ein paar Steine, so um die 20-30 cm hoch rum, und dann geht es halt dort so bergab in Richtung Meer. Verbremsen sollte man sich tunlichst nicht an einer Steilk\u00fcste. Falscher Gang, bisschen zu schnell, leicht untersch\u00e4tzt&#8230; Du hast keine Chance irgendetwas gut zu machen an diesem M\u00e4uerchen. Aber he, touristische Fahrweise ist auch nicht das schwarze auf dem Asphalt. Das geht nur mit Gummiabrieb durch \u00dcberwindung der Beharrungskraft.<\/p>\n<p>Prost!<\/p>\n<p><a title=\"Tag 7 la vall\u00e9e de la restonica\" href=\"http:\/\/www.timehealsnothing.de\/blog\/?page_id=543\">weiter zu Tag 7<\/a><\/p>\n<div class=\"sharedaddy sd-sharing-enabled\"><div class=\"robots-nocontent sd-block sd-social sd-social-icon-text sd-sharing\"><h3 class=\"sd-title\">Teilen mit:<\/h3><div class=\"sd-content\"><ul><li class=\"share-facebook\"><a rel=\"nofollow noopener noreferrer\" data-shared=\"sharing-facebook-421\" class=\"share-facebook sd-button share-icon\" href=\"http:\/\/www.timehealsnothing.de\/blog\/korsika-2013\/tag-6-steilkueste-calvi\/?share=facebook\" target=\"_blank\" title=\"Klick, um auf Facebook zu teilen\"><span>Facebook<\/span><\/a><\/li><li class=\"share-twitter\"><a rel=\"nofollow noopener noreferrer\" data-shared=\"sharing-twitter-421\" class=\"share-twitter sd-button share-icon\" href=\"http:\/\/www.timehealsnothing.de\/blog\/korsika-2013\/tag-6-steilkueste-calvi\/?share=twitter\" target=\"_blank\" title=\"Klick, um \u00fcber Twitter zu teilen\"><span>Twitter<\/span><\/a><\/li><li><a href=\"#\" class=\"sharing-anchor sd-button share-more\"><span>Mehr<\/span><\/a><\/li><li class=\"share-end\"><\/li><\/ul><div class=\"sharing-hidden\"><div class=\"inner\" style=\"display: none;\"><ul><li class=\"share-print\"><a rel=\"nofollow noopener noreferrer\" data-shared=\"\" class=\"share-print sd-button share-icon\" href=\"http:\/\/www.timehealsnothing.de\/blog\/korsika-2013\/tag-6-steilkueste-calvi\/\" target=\"_blank\" title=\"Klicken zum Ausdrucken\"><span>Drucken<\/span><\/a><\/li><li class=\"share-pinterest\"><a rel=\"nofollow noopener noreferrer\" data-shared=\"sharing-pinterest-421\" class=\"share-pinterest sd-button share-icon\" href=\"http:\/\/www.timehealsnothing.de\/blog\/korsika-2013\/tag-6-steilkueste-calvi\/?share=pinterest\" target=\"_blank\" title=\"Klick, um auf Pinterest zu teilen\"><span>Pinterest<\/span><\/a><\/li><li class=\"share-end\"><\/li><li class=\"share-end\"><\/li><\/ul><\/div><\/div><\/div><\/div><\/div>","protected":false},"excerpt":{"rendered":"<p>20.05.2013 Stage 5 Calvi nach Porto Zwischenstopp Friedhof in der Kirchenruine, dann 5* Tour Steilk\u00fcste und h\u00f6chster Pass Col de Vergio 281 km, 6 Stunden 14 Minuten (Echte Fahrzeit: gut \u00fcber 8h) Gr\u00f6\u00dfere Kartenansicht Es ist Montag (komisch wie frustfrei &hellip; <a href=\"http:\/\/www.timehealsnothing.de\/blog\/korsika-2013\/tag-6-steilkueste-calvi\/\">Weiterlesen <span class=\"meta-nav\">&rarr;<\/span><\/a><\/p>\n<div class=\"sharedaddy sd-sharing-enabled\"><div class=\"robots-nocontent sd-block sd-social sd-social-icon-text sd-sharing\"><h3 class=\"sd-title\">Teilen mit:<\/h3><div class=\"sd-content\"><ul><li class=\"share-facebook\"><a rel=\"nofollow noopener noreferrer\" data-shared=\"sharing-facebook-421\" class=\"share-facebook sd-button share-icon\" href=\"http:\/\/www.timehealsnothing.de\/blog\/korsika-2013\/tag-6-steilkueste-calvi\/?share=facebook\" target=\"_blank\" title=\"Klick, um auf Facebook zu teilen\"><span>Facebook<\/span><\/a><\/li><li class=\"share-twitter\"><a rel=\"nofollow noopener noreferrer\" data-shared=\"sharing-twitter-421\" class=\"share-twitter sd-button share-icon\" href=\"http:\/\/www.timehealsnothing.de\/blog\/korsika-2013\/tag-6-steilkueste-calvi\/?share=twitter\" target=\"_blank\" title=\"Klick, um \u00fcber Twitter zu teilen\"><span>Twitter<\/span><\/a><\/li><li><a href=\"#\" class=\"sharing-anchor sd-button share-more\"><span>Mehr<\/span><\/a><\/li><li class=\"share-end\"><\/li><\/ul><div class=\"sharing-hidden\"><div class=\"inner\" style=\"display: none;\"><ul><li class=\"share-print\"><a rel=\"nofollow noopener noreferrer\" data-shared=\"\" class=\"share-print sd-button share-icon\" href=\"http:\/\/www.timehealsnothing.de\/blog\/korsika-2013\/tag-6-steilkueste-calvi\/\" target=\"_blank\" title=\"Klicken zum Ausdrucken\"><span>Drucken<\/span><\/a><\/li><li class=\"share-pinterest\"><a rel=\"nofollow noopener noreferrer\" data-shared=\"sharing-pinterest-421\" class=\"share-pinterest sd-button share-icon\" href=\"http:\/\/www.timehealsnothing.de\/blog\/korsika-2013\/tag-6-steilkueste-calvi\/?share=pinterest\" target=\"_blank\" title=\"Klick, um auf Pinterest zu teilen\"><span>Pinterest<\/span><\/a><\/li><li class=\"share-end\"><\/li><li class=\"share-end\"><\/li><\/ul><\/div><\/div><\/div><\/div><\/div>","protected":false},"author":1,"featured_media":474,"parent":225,"menu_order":6,"comment_status":"open","ping_status":"closed","template":"onecolumn-page.php","meta":{"ngg_post_thumbnail":0,"spay_email":""},"jetpack_shortlink":"https:\/\/wp.me\/P1CXhb-6N","jetpack_sharing_enabled":true,"jetpack_likes_enabled":true,"_links":{"self":[{"href":"http:\/\/www.timehealsnothing.de\/blog\/wp-json\/wp\/v2\/pages\/421"}],"collection":[{"href":"http:\/\/www.timehealsnothing.de\/blog\/wp-json\/wp\/v2\/pages"}],"about":[{"href":"http:\/\/www.timehealsnothing.de\/blog\/wp-json\/wp\/v2\/types\/page"}],"author":[{"embeddable":true,"href":"http:\/\/www.timehealsnothing.de\/blog\/wp-json\/wp\/v2\/users\/1"}],"replies":[{"embeddable":true,"href":"http:\/\/www.timehealsnothing.de\/blog\/wp-json\/wp\/v2\/comments?post=421"}],"version-history":[{"count":45,"href":"http:\/\/www.timehealsnothing.de\/blog\/wp-json\/wp\/v2\/pages\/421\/revisions"}],"predecessor-version":[{"id":623,"href":"http:\/\/www.timehealsnothing.de\/blog\/wp-json\/wp\/v2\/pages\/421\/revisions\/623"}],"up":[{"embeddable":true,"href":"http:\/\/www.timehealsnothing.de\/blog\/wp-json\/wp\/v2\/pages\/225"}],"wp:featuredmedia":[{"embeddable":true,"href":"http:\/\/www.timehealsnothing.de\/blog\/wp-json\/wp\/v2\/media\/474"}],"wp:attachment":[{"href":"http:\/\/www.timehealsnothing.de\/blog\/wp-json\/wp\/v2\/media?parent=421"}],"curies":[{"name":"wp","href":"https:\/\/api.w.org\/{rel}","templated":true}]}}